{"id":4405,"date":"2025-02-05T11:49:02","date_gmt":"2025-02-05T10:49:02","guid":{"rendered":"https:\/\/tambordelllano.es\/?post_type=tribe_events&#038;p=4405"},"modified":"2025-02-05T12:58:04","modified_gmt":"2025-02-05T11:58:04","slug":"stay-three-nights-and-we-invite-you-to-an-organic-dinner","status":"publish","type":"tribe_events","link":"https:\/\/tambordelllano.es\/en\/event\/quedate-tres-noches-y-te-invitamos-a-una-cena-ecologica\/","title":{"rendered":"Stay three nights and we'll treat you to an organic dinner."},"content":{"rendered":"<p>From 1 to 25 February 2025, enjoy a special offer at Tambor del Llano:<br \/>\nStay 3 nights and we will treat you to an organic dinner, prepared with fresh ingredients from our garden and local, seasonal produce.<\/p>\n<ul>\n<li>Relax in the middle of nature<\/li>\n<li>Discover the beauty of Sierra de Grazalema<\/li>\n<li>Enjoy an authentic and sustainable gastronomic experience<\/li>\n<\/ul>\n<p>Our cuisine is based on respect for the environment, using organic and local products, with dishes that vary according to the season to guarantee the best quality and flavour.<\/p>\n<p>Book now with the code: <strong>FEBRUARY25<\/strong> and take advantage of it before the promotion ends.<br \/>\nDon't let this opportunity pass you by!<\/p>","protected":false},"excerpt":{"rendered":"<p>Stay three nights and we'll treat you to an organic dinner.<\/p>","protected":false},"author":1,"featured_media":4094,"template":"","meta":{"_tribe_events_status":"","_tribe_events_status_reason":"","_tribe_events_is_hybrid":"","_tribe_events_is_virtual":"","_tribe_events_virtual_video_source":"","_tribe_events_virtual_embed_video":"","_tribe_events_virtual_linked_button_text":"","_tribe_events_virtual_linked_button":"","_tribe_events_virtual_show_embed_at":"","_tribe_events_virtual_show_embed_to":[],"_tribe_events_virtual_show_on_event":"","_tribe_events_virtual_show_on_views":"","_tribe_events_virtual_url":"","_joinchat":[],"footnotes":""},"tags":[],"tribe_events_cat":[],"class_list":["post-4405","tribe_events","type-tribe_events","status-publish","has-post-thumbnail","hentry"],"yoast_head":"<!-- This site is optimized with the Yoast SEO Premium plugin v27.3 (Yoast SEO v27.3) - https:\/\/yoast.com\/product\/yoast-seo-premium-wordpress\/ -->\n<title>Qu\u00e9date tres noches y te invitamos a una cena ecol\u00f3gica - Tambor del Llano<\/title>\n<meta name=\"robots\" content=\"index, follow, max-snippet:-1, max-image-preview:large, max-video-preview:-1\" \/>\n<link rel=\"canonical\" href=\"https:\/\/tambordelllano.es\/en\/event\/stay-three-nights-and-we-invite-you-to-an-organic-dinner\/\" \/>\n<meta property=\"og:locale\" content=\"en_GB\" \/>\n<meta property=\"og:type\" content=\"article\" \/>\n<meta property=\"og:title\" content=\"Qu\u00e9date tres noches y te invitamos a una cena ecol\u00f3gica\" \/>\n<meta property=\"og:description\" content=\"Qu\u00e9date tres noches y te invitamos a una cena ecol\u00f3gica\" \/>\n<meta property=\"og:url\" content=\"https:\/\/tambordelllano.es\/en\/event\/stay-three-nights-and-we-invite-you-to-an-organic-dinner\/\" \/>\n<meta property=\"og:site_name\" content=\"Tambor del Llano\" \/>\n<meta property=\"article:modified_time\" content=\"2025-02-05T11:58:04+00:00\" \/>\n<meta property=\"og:image\" content=\"https:\/\/tambordelllano.es\/wp-content\/uploads\/2024\/12\/copavinoporche-87dfc045.webp\" \/>\n\t<meta property=\"og:image:width\" content=\"1800\" \/>\n\t<meta property=\"og:image:height\" content=\"1203\" \/>\n\t<meta property=\"og:image:type\" content=\"image\/webp\" \/>\n<meta name=\"twitter:card\" content=\"summary_large_image\" \/>\n<meta name=\"twitter:label1\" content=\"Estimated reading time\" \/>\n\t<meta name=\"twitter:data1\" content=\"1 minute\" \/>\n<script type=\"application\/ld+json\" class=\"yoast-schema-graph\">{\"@context\":\"https:\\\/\\\/schema.org\",\"@graph\":[{\"@type\":\"WebPage\",\"@id\":\"https:\\\/\\\/tambordelllano.es\\\/event\\\/quedate-tres-noches-y-te-invitamos-a-una-cena-ecologica\\\/\",\"url\":\"https:\\\/\\\/tambordelllano.es\\\/event\\\/quedate-tres-noches-y-te-invitamos-a-una-cena-ecologica\\\/\",\"name\":\"Qu\u00e9date tres noches y te invitamos a una cena ecol\u00f3gica - Tambor del Llano\",\"isPartOf\":{\"@id\":\"https:\\\/\\\/tambordelllano.es\\\/#website\"},\"primaryImageOfPage\":{\"@id\":\"https:\\\/\\\/tambordelllano.es\\\/event\\\/quedate-tres-noches-y-te-invitamos-a-una-cena-ecologica\\\/#primaryimage\"},\"image\":{\"@id\":\"https:\\\/\\\/tambordelllano.es\\\/event\\\/quedate-tres-noches-y-te-invitamos-a-una-cena-ecologica\\\/#primaryimage\"},\"thumbnailUrl\":\"https:\\\/\\\/tambordelllano.es\\\/wp-content\\\/uploads\\\/2024\\\/12\\\/copavinoporche-87dfc045.webp\",\"datePublished\":\"2025-02-05T10:49:02+00:00\",\"dateModified\":\"2025-02-05T11:58:04+00:00\",\"breadcrumb\":{\"@id\":\"https:\\\/\\\/tambordelllano.es\\\/event\\\/quedate-tres-noches-y-te-invitamos-a-una-cena-ecologica\\\/#breadcrumb\"},\"inLanguage\":\"en-GB\",\"potentialAction\":[{\"@type\":\"ReadAction\",\"target\":[\"https:\\\/\\\/tambordelllano.es\\\/event\\\/quedate-tres-noches-y-te-invitamos-a-una-cena-ecologica\\\/\"]}]},{\"@type\":\"ImageObject\",\"inLanguage\":\"en-GB\",\"@id\":\"https:\\\/\\\/tambordelllano.es\\\/event\\\/quedate-tres-noches-y-te-invitamos-a-una-cena-ecologica\\\/#primaryimage\",\"url\":\"https:\\\/\\\/tambordelllano.es\\\/wp-content\\\/uploads\\\/2024\\\/12\\\/copavinoporche-87dfc045.webp\",\"contentUrl\":\"https:\\\/\\\/tambordelllano.es\\\/wp-content\\\/uploads\\\/2024\\\/12\\\/copavinoporche-87dfc045.webp\",\"width\":1800,\"height\":1203},{\"@type\":\"BreadcrumbList\",\"@id\":\"https:\\\/\\\/tambordelllano.es\\\/event\\\/quedate-tres-noches-y-te-invitamos-a-una-cena-ecologica\\\/#breadcrumb\",\"itemListElement\":[{\"@type\":\"ListItem\",\"position\":1,\"name\":\"Portada\",\"item\":\"https:\\\/\\\/tambordelllano.es\\\/home\\\/\"},{\"@type\":\"ListItem\",\"position\":2,\"name\":\"Eventos\",\"item\":\"https:\\\/\\\/tambordelllano.es\\\/events\\\/\"},{\"@type\":\"ListItem\",\"position\":3,\"name\":\"Qu\u00e9date tres noches y te invitamos a una cena ecol\u00f3gica\"}]},{\"@type\":\"WebSite\",\"@id\":\"https:\\\/\\\/tambordelllano.es\\\/#website\",\"url\":\"https:\\\/\\\/tambordelllano.es\\\/\",\"name\":\"Tambor del Llano\",\"description\":\"Alojamiento rural en Grazalema\",\"publisher\":{\"@id\":\"https:\\\/\\\/tambordelllano.es\\\/#organization\"},\"potentialAction\":[{\"@type\":\"SearchAction\",\"target\":{\"@type\":\"EntryPoint\",\"urlTemplate\":\"https:\\\/\\\/tambordelllano.es\\\/?s={search_term_string}\"},\"query-input\":{\"@type\":\"PropertyValueSpecification\",\"valueRequired\":true,\"valueName\":\"search_term_string\"}}],\"inLanguage\":\"en-GB\"},{\"@type\":[\"Organization\",\"Place\"],\"@id\":\"https:\\\/\\\/tambordelllano.es\\\/#organization\",\"name\":\"Tambor del Llano\",\"url\":\"https:\\\/\\\/tambordelllano.es\\\/\",\"logo\":{\"@id\":\"https:\\\/\\\/tambordelllano.es\\\/event\\\/quedate-tres-noches-y-te-invitamos-a-una-cena-ecologica\\\/#local-main-organization-logo\"},\"image\":{\"@id\":\"https:\\\/\\\/tambordelllano.es\\\/event\\\/quedate-tres-noches-y-te-invitamos-a-una-cena-ecologica\\\/#local-main-organization-logo\"},\"sameAs\":[\"https:\\\/\\\/www.instagram.com\\\/tambordelllano\\\/\"],\"description\":\"Alojamiento rural en Grazalema\",\"legalName\":\"Tambor del Llano\",\"address\":{\"@id\":\"https:\\\/\\\/tambordelllano.es\\\/event\\\/quedate-tres-noches-y-te-invitamos-a-una-cena-ecologica\\\/#local-main-place-address\"},\"geo\":{\"@type\":\"GeoCoordinates\",\"latitude\":\"364454.5\",\"longitude\":\"51953.2\"},\"telephone\":[\"674484885\"],\"contactPoint\":{\"@type\":\"ContactPoint\",\"telephone\":\"674484885\",\"email\":\"info@tambordelllano.es\"},\"openingHoursSpecification\":[{\"@type\":\"OpeningHoursSpecification\",\"dayOfWeek\":[\"Monday\",\"Tuesday\",\"Wednesday\",\"Thursday\",\"Friday\",\"Saturday\",\"Sunday\"],\"opens\":\"09:00\",\"closes\":\"17:00\"}],\"email\":\"info@tambordelllano.es\",\"vatID\":\"Registro Turismo Andaluc\u00eda RTA : H\\\/CA\\\/01403\"},{\"@type\":\"PostalAddress\",\"@id\":\"https:\\\/\\\/tambordelllano.es\\\/event\\\/quedate-tres-noches-y-te-invitamos-a-una-cena-ecologica\\\/#local-main-place-address\",\"streetAddress\":\"Alto de Los Alamillos. Ca\u00f1ada Grande\",\"addressLocality\":\"Grazalema\",\"postalCode\":\"11610\",\"addressCountry\":\"ES\"},{\"@type\":\"ImageObject\",\"inLanguage\":\"en-GB\",\"@id\":\"https:\\\/\\\/tambordelllano.es\\\/event\\\/quedate-tres-noches-y-te-invitamos-a-una-cena-ecologica\\\/#local-main-organization-logo\",\"url\":\"https:\\\/\\\/tambordelllano.es\\\/wp-content\\\/uploads\\\/2024\\\/07\\\/logo_horizontal-1.svg\",\"contentUrl\":\"https:\\\/\\\/tambordelllano.es\\\/wp-content\\\/uploads\\\/2024\\\/07\\\/logo_horizontal-1.svg\",\"caption\":\"Tambor del Llano\"}]}<\/script>\n<meta name=\"geo.placename\" content=\"Grazalema\" \/>\n<meta name=\"geo.position\" content=\"364454.5;51953.2\" \/>\n<meta name=\"geo.region\" content=\"Spain\" \/>\n<!-- \/ Yoast SEO Premium plugin. -->","yoast_head_json":{"title":"Stay three nights and we'll treat you to an ecological dinner - Tambor del Llano","robots":{"index":"index","follow":"follow","max-snippet":"max-snippet:-1","max-image-preview":"max-image-preview:large","max-video-preview":"max-video-preview:-1"},"canonical":"https:\/\/tambordelllano.es\/en\/event\/stay-three-nights-and-we-invite-you-to-an-organic-dinner\/","og_locale":"en_GB","og_type":"article","og_title":"Qu\u00e9date tres noches y te invitamos a una cena ecol\u00f3gica","og_description":"Qu\u00e9date tres noches y te invitamos a una cena ecol\u00f3gica","og_url":"https:\/\/tambordelllano.es\/en\/event\/stay-three-nights-and-we-invite-you-to-an-organic-dinner\/","og_site_name":"Tambor del Llano","article_modified_time":"2025-02-05T11:58:04+00:00","og_image":[{"width":1800,"height":1203,"url":"https:\/\/tambordelllano.es\/wp-content\/uploads\/2024\/12\/copavinoporche-87dfc045.webp","type":"image\/webp"}],"twitter_card":"summary_large_image","twitter_misc":{"Estimated reading time":"1 minute"},"schema":{"@context":"https:\/\/schema.org","@graph":[{"@type":"WebPage","@id":"https:\/\/tambordelllano.es\/event\/quedate-tres-noches-y-te-invitamos-a-una-cena-ecologica\/","url":"https:\/\/tambordelllano.es\/event\/quedate-tres-noches-y-te-invitamos-a-una-cena-ecologica\/","name":"Stay three nights and we'll treat you to an ecological dinner - Tambor del Llano","isPartOf":{"@id":"https:\/\/tambordelllano.es\/#website"},"primaryImageOfPage":{"@id":"https:\/\/tambordelllano.es\/event\/quedate-tres-noches-y-te-invitamos-a-una-cena-ecologica\/#primaryimage"},"image":{"@id":"https:\/\/tambordelllano.es\/event\/quedate-tres-noches-y-te-invitamos-a-una-cena-ecologica\/#primaryimage"},"thumbnailUrl":"https:\/\/tambordelllano.es\/wp-content\/uploads\/2024\/12\/copavinoporche-87dfc045.webp","datePublished":"2025-02-05T10:49:02+00:00","dateModified":"2025-02-05T11:58:04+00:00","breadcrumb":{"@id":"https:\/\/tambordelllano.es\/event\/quedate-tres-noches-y-te-invitamos-a-una-cena-ecologica\/#breadcrumb"},"inLanguage":"en-GB","potentialAction":[{"@type":"ReadAction","target":["https:\/\/tambordelllano.es\/event\/quedate-tres-noches-y-te-invitamos-a-una-cena-ecologica\/"]}]},{"@type":"ImageObject","inLanguage":"en-GB","@id":"https:\/\/tambordelllano.es\/event\/quedate-tres-noches-y-te-invitamos-a-una-cena-ecologica\/#primaryimage","url":"https:\/\/tambordelllano.es\/wp-content\/uploads\/2024\/12\/copavinoporche-87dfc045.webp","contentUrl":"https:\/\/tambordelllano.es\/wp-content\/uploads\/2024\/12\/copavinoporche-87dfc045.webp","width":1800,"height":1203},{"@type":"BreadcrumbList","@id":"https:\/\/tambordelllano.es\/event\/quedate-tres-noches-y-te-invitamos-a-una-cena-ecologica\/#breadcrumb","itemListElement":[{"@type":"ListItem","position":1,"name":"Portada","item":"https:\/\/tambordelllano.es\/home\/"},{"@type":"ListItem","position":2,"name":"Eventos","item":"https:\/\/tambordelllano.es\/events\/"},{"@type":"ListItem","position":3,"name":"Qu\u00e9date tres noches y te invitamos a una cena ecol\u00f3gica"}]},{"@type":"WebSite","@id":"https:\/\/tambordelllano.es\/#website","url":"https:\/\/tambordelllano.es\/","name":"Tambor del Llano","description":"Rural accommodation in Grazalema","publisher":{"@id":"https:\/\/tambordelllano.es\/#organization"},"potentialAction":[{"@type":"SearchAction","target":{"@type":"EntryPoint","urlTemplate":"https:\/\/tambordelllano.es\/?s={search_term_string}"},"query-input":{"@type":"PropertyValueSpecification","valueRequired":true,"valueName":"search_term_string"}}],"inLanguage":"en-GB"},{"@type":["Organization","Place"],"@id":"https:\/\/tambordelllano.es\/#organization","name":"Tambor del Llano","url":"https:\/\/tambordelllano.es\/","logo":{"@id":"https:\/\/tambordelllano.es\/event\/quedate-tres-noches-y-te-invitamos-a-una-cena-ecologica\/#local-main-organization-logo"},"image":{"@id":"https:\/\/tambordelllano.es\/event\/quedate-tres-noches-y-te-invitamos-a-una-cena-ecologica\/#local-main-organization-logo"},"sameAs":["https:\/\/www.instagram.com\/tambordelllano\/"],"description":"Rural accommodation in Grazalema","legalName":"Tambor del Llano","address":{"@id":"https:\/\/tambordelllano.es\/event\/quedate-tres-noches-y-te-invitamos-a-una-cena-ecologica\/#local-main-place-address"},"geo":{"@type":"GeoCoordinates","latitude":"364454.5","longitude":"51953.2"},"telephone":["674484885"],"contactPoint":{"@type":"ContactPoint","telephone":"674484885","email":"info@tambordelllano.es"},"openingHoursSpecification":[{"@type":"OpeningHoursSpecification","dayOfWeek":["Monday","Tuesday","Wednesday","Thursday","Friday","Saturday","Sunday"],"opens":"09:00","closes":"17:00"}],"email":"info@tambordelllano.es","vatID":"Registro Turismo Andaluc\u00eda RTA : H\/CA\/01403"},{"@type":"PostalAddress","@id":"https:\/\/tambordelllano.es\/event\/quedate-tres-noches-y-te-invitamos-a-una-cena-ecologica\/#local-main-place-address","streetAddress":"Alto de Los Alamillos. Ca\u00f1ada Grande","addressLocality":"Grazalema","postalCode":"11610","addressCountry":"ES"},{"@type":"ImageObject","inLanguage":"en-GB","@id":"https:\/\/tambordelllano.es\/event\/quedate-tres-noches-y-te-invitamos-a-una-cena-ecologica\/#local-main-organization-logo","url":"https:\/\/tambordelllano.es\/wp-content\/uploads\/2024\/07\/logo_horizontal-1.svg","contentUrl":"https:\/\/tambordelllano.es\/wp-content\/uploads\/2024\/07\/logo_horizontal-1.svg","caption":"Tambor del Llano"}]},"geo.placename":"Grazalema","geo.position":{"lat":"364454.5","long":"51953.2"},"geo.region":"Spain"},"_links":{"self":[{"href":"https:\/\/tambordelllano.es\/en\/wp-json\/wp\/v2\/tribe_events\/4405","targetHints":{"allow":["GET"]}}],"collection":[{"href":"https:\/\/tambordelllano.es\/en\/wp-json\/wp\/v2\/tribe_events"}],"about":[{"href":"https:\/\/tambordelllano.es\/en\/wp-json\/wp\/v2\/types\/tribe_events"}],"author":[{"embeddable":true,"href":"https:\/\/tambordelllano.es\/en\/wp-json\/wp\/v2\/users\/1"}],"version-history":[{"count":0,"href":"https:\/\/tambordelllano.es\/en\/wp-json\/wp\/v2\/tribe_events\/4405\/revisions"}],"wp:featuredmedia":[{"embeddable":true,"href":"https:\/\/tambordelllano.es\/en\/wp-json\/wp\/v2\/media\/4094"}],"wp:attachment":[{"href":"https:\/\/tambordelllano.es\/en\/wp-json\/wp\/v2\/media?parent=4405"}],"wp:term":[{"taxonomy":"post_tag","embeddable":true,"href":"https:\/\/tambordelllano.es\/en\/wp-json\/wp\/v2\/tags?post=4405"},{"taxonomy":"tribe_events_cat","embeddable":true,"href":"https:\/\/tambordelllano.es\/en\/wp-json\/wp\/v2\/tribe_events_cat?post=4405"}],"curies":[{"name":"wp","href":"https:\/\/api.w.org\/{rel}","templated":true}]}}